{"id":7961,"date":"2025-10-08T11:47:18","date_gmt":"2025-10-08T08:47:18","guid":{"rendered":"https:\/\/www.polymex.com.tr\/?post_type=product&#038;p=7961"},"modified":"2025-10-08T11:47:48","modified_gmt":"2025-10-08T08:47:48","slug":"polymex-p-5071-akrilik-emulsiyon-esasli-beton-zemin-koruyucu","status":"publish","type":"product","link":"https:\/\/www.polymex.com.tr\/en\/product-2\/polymex-p-5071-akrilik-emulsiyon-esasli-beton-zemin-koruyucu\/","title":{"rendered":"Polymex P-5071 Akrilik Emulsiyon Esasl\u0131 Beton Zemin Koruyucu"},"content":{"rendered":"P- 5071- Akrilik Emulsiyon esasl\u0131 beton koruyucu mat-parlak Su Bazl\u0131 Akrilik Re\u00e7ine esasl\u0131 y\u00fczeyden kaybolmayan ,\u015feffaf ,parlak\u00a0 betonun ge\u00e7irimsizli\u011fini ve k\u00fcr almas\u0131 i\u00e7in kullan\u0131lan beton k\u00fcr ve cila Akrilik Emulsiyon malzemesidir. Su Bazl\u0131 Akrilik \u015eeffaf Beton zemin kaplamas\u0131. Her t\u00fcrl\u00fc beton, yapay ve do\u011fal ta\u015f y\u00fczeyin korunmas\u0131nda ve parlat\u0131lmas\u0131nda kullan\u0131lan \u00f6zel katk\u0131larla form\u00fcle edilmi\u015f, akrilik re\u00e7ine esasl\u0131 bir malzemedir.\r\n\r\nDo\u011fal g\u00f6r\u00fcn\u00fcml\u00fc, renkli asit (stain), prekast koruma veya y\u00fczey sertle\u015ftirici i\u015flemi uygulanm\u0131\u015f her t\u00fcrl\u00fc y\u00fczeyin b\u00fcnyesine n\u00fcfuz ederek k\u00fcr vazifesi g\u00f6ren, uzun s\u00fcreli koruma, tozumazl\u0131k, y\u00fczey direnci ve estetik bir g\u00f6r\u00fcn\u00fcm sa\u011flayan son kat kaplamad\u0131r.","protected":false},"excerpt":{"rendered":"<p>Akrilik Emulsiyon esasl\u0131 beton koruyucu mat-parlak Su Bazl\u0131 Akrilik Re\u00e7ine esasl\u0131 y\u00fczeyden kaybolmayan ,\u015feffaf ,parlak\u00a0 betonun ge\u00e7irimsizli\u011fini ve k\u00fcr almas\u0131 i\u00e7in kullan\u0131lan beton k\u00fcr ve cila Akrilik Emulsiyon malzemesidir.<\/p>","protected":false},"featured_media":7962,"comment_status":"closed","ping_status":"closed","template":"","meta":{"_acf_changed":false},"product_brand":[],"product_cat":[431],"product_tag":[],"class_list":{"0":"post-7961","1":"product","2":"type-product","3":"status-publish","4":"has-post-thumbnail","6":"product_cat-uv-seffaf-vernikler-ve-recineler","8":"first","9":"instock","10":"taxable","11":"shipping-taxable","12":"product-type-simple"},"acf":[],"_links":{"self":[{"href":"https:\/\/www.polymex.com.tr\/en\/wp-json\/wp\/v2\/product\/7961","targetHints":{"allow":["GET"]}}],"collection":[{"href":"https:\/\/www.polymex.com.tr\/en\/wp-json\/wp\/v2\/product"}],"about":[{"href":"https:\/\/www.polymex.com.tr\/en\/wp-json\/wp\/v2\/types\/product"}],"replies":[{"embeddable":true,"href":"https:\/\/www.polymex.com.tr\/en\/wp-json\/wp\/v2\/comments?post=7961"}],"version-history":[{"count":0,"href":"https:\/\/www.polymex.com.tr\/en\/wp-json\/wp\/v2\/product\/7961\/revisions"}],"wp:featuredmedia":[{"embeddable":true,"href":"https:\/\/www.polymex.com.tr\/en\/wp-json\/wp\/v2\/media\/7962"}],"wp:attachment":[{"href":"https:\/\/www.polymex.com.tr\/en\/wp-json\/wp\/v2\/media?parent=7961"}],"wp:term":[{"taxonomy":"product_brand","embeddable":true,"href":"https:\/\/www.polymex.com.tr\/en\/wp-json\/wp\/v2\/product_brand?post=7961"},{"taxonomy":"product_cat","embeddable":true,"href":"https:\/\/www.polymex.com.tr\/en\/wp-json\/wp\/v2\/product_cat?post=7961"},{"taxonomy":"product_tag","embeddable":true,"href":"https:\/\/www.polymex.com.tr\/en\/wp-json\/wp\/v2\/product_tag?post=7961"}],"curies":[{"name":"wp","href":"https:\/\/api.w.org\/{rel}","templated":true}]}}